{"id":23,"date":"2016-02-02T13:28:28","date_gmt":"2016-02-02T12:28:28","guid":{"rendered":"http:\/\/villa-maria.com.hr\/wp\/?page_id=23"},"modified":"2016-02-09T13:27:30","modified_gmt":"2016-02-09T12:27:30","slug":"okolica","status":"publish","type":"page","link":"https:\/\/villa-maria.com.hr\/de\/okolica\/","title":{"rendered":"Umgebung"},"content":{"rendered":"<p>In der N\u00e4he von Vir befinden sich viele Kultursehensw\u00fcrdigkeiten sowie die Nationalparks; Kornati mit 200 Inseln und kleinen Inseln, Paklenica mit tiefen Schluchten und H\u00f6hlen, die Wasserf\u00e4lle des Flusses Krka mit seinen sieben Wasserf\u00e4llen, aber auch das einzigartige Naturph\u00e4nomen die Plitwitzer Seen. Die Liebhaber von Wanderungen k\u00f6nnen bis zum h\u00f6chsten Gipfel Bandire (112 m) steigen, von wo sich ein wundersch\u00f6ner Ausblick auf die nahegelegenen Inseln und den Velebit bietet.<\/p>\n\n\t\t<style type=\"text\/css\">\n\t\t\t#gallery-17 {\n\t\t\t\tmargin: auto;\n\t\t\t}\n\t\t\t#gallery-17 .gallery-item {\n\t\t\t\tfloat: left;\n\t\t\t\tmargin-top: 10px;\n\t\t\t\ttext-align: center;\n\t\t\t\twidth: 16%;\n\t\t\t}\n\t\t\t#gallery-17 img {\n\t\t\t\tborder: 2px solid #cfcfcf;\n\t\t\t}\n\t\t\t#gallery-17 .gallery-caption {\n\t\t\t\tmargin-left: 0;\n\t\t\t}\n\t\t\t\/* see gallery_shortcode() in wp-includes\/media.php *\/\n\t\t<\/style>\n\t\t<div id='gallery-17' class='gallery galleryid-23 gallery-columns-6 gallery-size-thumbnail'><dl class='gallery-item'>\n\t\t\t<dt class='gallery-icon landscape'>\n\t\t\t\t<a href='https:\/\/villa-maria.com.hr\/wp-content\/uploads\/2016\/02\/pag_cipka.png'><img width=\"150\" height=\"150\" src=\"https:\/\/villa-maria.com.hr\/wp-content\/uploads\/2016\/02\/pag_cipka-150x150.png\" class=\"attachment-thumbnail size-thumbnail\" alt=\"\" loading=\"lazy\" \/><\/a>\n\t\t\t<\/dt><\/dl><dl class='gallery-item'>\n\t\t\t<dt class='gallery-icon landscape'>\n\t\t\t\t<a href='https:\/\/villa-maria.com.hr\/wp-content\/uploads\/2016\/02\/pag_fortica.png'><img width=\"150\" height=\"150\" src=\"https:\/\/villa-maria.com.hr\/wp-content\/uploads\/2016\/02\/pag_fortica-150x150.png\" class=\"attachment-thumbnail size-thumbnail\" alt=\"\" loading=\"lazy\" \/><\/a>\n\t\t\t<\/dt><\/dl><dl class='gallery-item'>\n\t\t\t<dt class='gallery-icon landscape'>\n\t\t\t\t<a href='https:\/\/villa-maria.com.hr\/wp-content\/uploads\/2016\/02\/pag_grad.png'><img width=\"150\" height=\"150\" src=\"https:\/\/villa-maria.com.hr\/wp-content\/uploads\/2016\/02\/pag_grad-150x150.png\" class=\"attachment-thumbnail size-thumbnail\" alt=\"\" loading=\"lazy\" \/><\/a>\n\t\t\t<\/dt><\/dl><dl class='gallery-item'>\n\t\t\t<dt class='gallery-icon landscape'>\n\t\t\t\t<a href='https:\/\/villa-maria.com.hr\/wp-content\/uploads\/2016\/02\/pag_kamenje.jpg'><img width=\"150\" height=\"150\" src=\"https:\/\/villa-maria.com.hr\/wp-content\/uploads\/2016\/02\/pag_kamenje-150x150.jpg\" class=\"attachment-thumbnail size-thumbnail\" alt=\"\" loading=\"lazy\" \/><\/a>\n\t\t\t<\/dt><\/dl><dl class='gallery-item'>\n\t\t\t<dt class='gallery-icon landscape'>\n\t\t\t\t<a href='https:\/\/villa-maria.com.hr\/wp-content\/uploads\/2016\/02\/pag_suton.jpg'><img width=\"150\" height=\"150\" src=\"https:\/\/villa-maria.com.hr\/wp-content\/uploads\/2016\/02\/pag_suton-150x150.jpg\" class=\"attachment-thumbnail size-thumbnail\" alt=\"\" loading=\"lazy\" \/><\/a>\n\t\t\t<\/dt><\/dl><dl class='gallery-item'>\n\t\t\t<dt class='gallery-icon landscape'>\n\t\t\t\t<a href='https:\/\/villa-maria.com.hr\/wp-content\/uploads\/2016\/02\/pag_nebo.jpg'><img width=\"150\" height=\"150\" src=\"https:\/\/villa-maria.com.hr\/wp-content\/uploads\/2016\/02\/pag_nebo-150x150.jpg\" class=\"attachment-thumbnail size-thumbnail\" alt=\"\" loading=\"lazy\" \/><\/a>\n\t\t\t<\/dt><\/dl><br style=\"clear: both\" \/>\n\t\t<\/div>\n\n<hr \/>\n<p>&nbsp;<\/p>\n<h2>Zadar<\/h2>\n<p>Die Region Zadar ist der n\u00f6rdlichste Teil von Dalmatien, das Willkommenstor f\u00fcr all jene, die von der Nordadria aus anreisen. Voller Gegens\u00e4tze, reich an historischem Erbe und wundersch\u00f6ner Natur. Das erste und vielleicht auch intensivste Erlebnis dieser Gegend sind die intensiven Farben, insbesondere die Harmonie des intensiven Blau des Meeres, \u00fcber das sich direkt bis ans Meer die dunkelgr\u00fcnen Kiefern oder Olivenb\u00e4ume herabsenken. Zu all dem muss man noch den wei\u00dfen dalmatinischen Stein hinzugeben, der die K\u00fcste ber\u00fchrt oder gar in zerkleinerter Form die Kiesstr\u00e4nde bildet, die zahlreiche Touristen anziehen\u2026<\/p>\n<p>&nbsp;<\/p>\n<p>Besser als ein Buch erz\u00e4hlt diese Region mit seinem Zentrum, dem dreitausendj\u00e4hrigen Zadar, der Stadt mit dem gr\u00f6\u00dften erforschten r\u00f6mischen Forum diesseits der Adria und den einzigartigen romanischen Kirchen St. Donat \/ Sv. Donat, St. Anastasia \/ Sv. Sto\u0161ija und St. Chrysogonus \/ Sv. Kr\u0161evan, sowie mit der \u00e4ltesten kroatischen K\u00f6nigsstadt, dem nahe gelegenen Nin, das sich der kleinsten Kathedrale der Welt r\u00fchmen kann (die Heiligkreuzkirche ist nur 36 Schritte lang!), von den Quellen des kroatischen Kulturerbes.<\/p>\n\n\t\t<style type=\"text\/css\">\n\t\t\t#gallery-18 {\n\t\t\t\tmargin: auto;\n\t\t\t}\n\t\t\t#gallery-18 .gallery-item {\n\t\t\t\tfloat: left;\n\t\t\t\tmargin-top: 10px;\n\t\t\t\ttext-align: center;\n\t\t\t\twidth: 16%;\n\t\t\t}\n\t\t\t#gallery-18 img {\n\t\t\t\tborder: 2px solid #cfcfcf;\n\t\t\t}\n\t\t\t#gallery-18 .gallery-caption {\n\t\t\t\tmargin-left: 0;\n\t\t\t}\n\t\t\t\/* see gallery_shortcode() in wp-includes\/media.php *\/\n\t\t<\/style>\n\t\t<div id='gallery-18' class='gallery galleryid-23 gallery-columns-6 gallery-size-thumbnail'><dl class='gallery-item'>\n\t\t\t<dt class='gallery-icon landscape'>\n\t\t\t\t<a href='https:\/\/villa-maria.com.hr\/wp-content\/uploads\/2016\/02\/zadar_svdona.jpg'><img width=\"150\" height=\"150\" src=\"https:\/\/villa-maria.com.hr\/wp-content\/uploads\/2016\/02\/zadar_svdona-150x150.jpg\" class=\"attachment-thumbnail size-thumbnail\" alt=\"\" loading=\"lazy\" \/><\/a>\n\t\t\t<\/dt><\/dl><dl class='gallery-item'>\n\t\t\t<dt class='gallery-icon landscape'>\n\t\t\t\t<a href='https:\/\/villa-maria.com.hr\/wp-content\/uploads\/2016\/02\/zadar_ninski.jpg'><img width=\"150\" height=\"150\" src=\"https:\/\/villa-maria.com.hr\/wp-content\/uploads\/2016\/02\/zadar_ninski-150x150.jpg\" class=\"attachment-thumbnail size-thumbnail\" alt=\"\" loading=\"lazy\" \/><\/a>\n\t\t\t<\/dt><\/dl><dl class='gallery-item'>\n\t\t\t<dt class='gallery-icon landscape'>\n\t\t\t\t<a href='https:\/\/villa-maria.com.hr\/wp-content\/uploads\/2016\/02\/zadar_narodni.jpg'><img width=\"150\" height=\"150\" src=\"https:\/\/villa-maria.com.hr\/wp-content\/uploads\/2016\/02\/zadar_narodni-150x150.jpg\" class=\"attachment-thumbnail size-thumbnail\" alt=\"\" loading=\"lazy\" \/><\/a>\n\t\t\t<\/dt><\/dl><dl class='gallery-item'>\n\t\t\t<dt class='gallery-icon landscape'>\n\t\t\t\t<a href='https:\/\/villa-maria.com.hr\/wp-content\/uploads\/2016\/02\/Zadar_PortaMarina.jpg'><img width=\"150\" height=\"150\" src=\"https:\/\/villa-maria.com.hr\/wp-content\/uploads\/2016\/02\/Zadar_PortaMarina-150x150.jpg\" class=\"attachment-thumbnail size-thumbnail\" alt=\"\" loading=\"lazy\" \/><\/a>\n\t\t\t<\/dt><\/dl><dl class='gallery-item'>\n\t\t\t<dt class='gallery-icon landscape'>\n\t\t\t\t<a href='https:\/\/villa-maria.com.hr\/wp-content\/uploads\/2016\/02\/zadar_aerial.jpg'><img width=\"150\" height=\"150\" src=\"https:\/\/villa-maria.com.hr\/wp-content\/uploads\/2016\/02\/zadar_aerial-150x150.jpg\" class=\"attachment-thumbnail size-thumbnail\" alt=\"\" loading=\"lazy\" \/><\/a>\n\t\t\t<\/dt><\/dl><dl class='gallery-item'>\n\t\t\t<dt class='gallery-icon portrait'>\n\t\t\t\t<a href='https:\/\/villa-maria.com.hr\/wp-content\/uploads\/2016\/02\/Zadar_SvSimun_oltar.jpg'><img width=\"150\" height=\"150\" src=\"https:\/\/villa-maria.com.hr\/wp-content\/uploads\/2016\/02\/Zadar_SvSimun_oltar-150x150.jpg\" class=\"attachment-thumbnail size-thumbnail\" alt=\"\" loading=\"lazy\" \/><\/a>\n\t\t\t<\/dt><\/dl><br style=\"clear: both\" \/>\n\t\t<\/div>\n\n<hr \/>\n<p>&nbsp;<\/p>\n<h2>Nin<\/h2>\n<p>Die altkroatische K\u00f6nigsstadt Nin ist etwa 15 Kilometer von Zadar entfernt. Seit 3000 Jahren angesiedelt ist die Stadt eine wichtige arch\u00e4ologische Lokalit\u00e4t &#8211; die Reste des gr\u00f6\u00dften antiken Tempels an der Adria, Mosaike, die Kirche, die als die kleinste Kathedrale der Welt gilt, eine einzigartige romantische Kr\u00f6nungskirche, das altkroatisches Schiff Condura und mehr zeugen von der Antike, von einer Zeit, als die Stadt Bischofssitz und die erste Residenz Kroatiens war.<\/p>\n<p>Die Stadt selbst befindet sich in einer seichten Lagune, umgeben von Feldern des Salzwerks und langen Sandstr\u00e4nden, und dort befindet sich auch der gr\u00f6\u00dfte Heilschlammfundort im Lande. Die gastfreundlichen Gastgeber, die gastronomischen Gen\u00fcsse, das Angebot des Zaton Holiday Resorts und das Angebot an Privatunterk\u00fcnften in Nin und Zaton ziehen Touristen an, die an der \u00d6kologie und der Kultur interessiert sind. Die beliebteste kulturelle Veranstaltung ist hier die sog. &#8222;Ninska \u0161okolijada&#8220;, die f\u00fcr eine alte Gourmettrockenfleischspezialit\u00e4t dieser Gegend namens &#8222;\u0161okol&#8220; wirbt.<\/p>\n\n\t\t<style type=\"text\/css\">\n\t\t\t#gallery-19 {\n\t\t\t\tmargin: auto;\n\t\t\t}\n\t\t\t#gallery-19 .gallery-item {\n\t\t\t\tfloat: left;\n\t\t\t\tmargin-top: 10px;\n\t\t\t\ttext-align: center;\n\t\t\t\twidth: 16%;\n\t\t\t}\n\t\t\t#gallery-19 img {\n\t\t\t\tborder: 2px solid #cfcfcf;\n\t\t\t}\n\t\t\t#gallery-19 .gallery-caption {\n\t\t\t\tmargin-left: 0;\n\t\t\t}\n\t\t\t\/* see gallery_shortcode() in wp-includes\/media.php *\/\n\t\t<\/style>\n\t\t<div id='gallery-19' class='gallery galleryid-23 gallery-columns-6 gallery-size-thumbnail'><dl class='gallery-item'>\n\t\t\t<dt class='gallery-icon landscape'>\n\t\t\t\t<a href='https:\/\/villa-maria.com.hr\/wp-content\/uploads\/2016\/02\/Nin_lower_gate.jpg'><img width=\"150\" height=\"150\" src=\"https:\/\/villa-maria.com.hr\/wp-content\/uploads\/2016\/02\/Nin_lower_gate-150x150.jpg\" class=\"attachment-thumbnail size-thumbnail\" alt=\"\" loading=\"lazy\" \/><\/a>\n\t\t\t<\/dt><\/dl><dl class='gallery-item'>\n\t\t\t<dt class='gallery-icon landscape'>\n\t\t\t\t<a href='https:\/\/villa-maria.com.hr\/wp-content\/uploads\/2016\/02\/nin_1.jpg'><img width=\"150\" height=\"150\" src=\"https:\/\/villa-maria.com.hr\/wp-content\/uploads\/2016\/02\/nin_1-150x150.jpg\" class=\"attachment-thumbnail size-thumbnail\" alt=\"\" loading=\"lazy\" \/><\/a>\n\t\t\t<\/dt><\/dl><dl class='gallery-item'>\n\t\t\t<dt class='gallery-icon landscape'>\n\t\t\t\t<a href='https:\/\/villa-maria.com.hr\/wp-content\/uploads\/2016\/02\/nin_2.jpg'><img width=\"150\" height=\"150\" src=\"https:\/\/villa-maria.com.hr\/wp-content\/uploads\/2016\/02\/nin_2-150x150.jpg\" class=\"attachment-thumbnail size-thumbnail\" alt=\"\" loading=\"lazy\" \/><\/a>\n\t\t\t<\/dt><\/dl><dl class='gallery-item'>\n\t\t\t<dt class='gallery-icon landscape'>\n\t\t\t\t<a href='https:\/\/villa-maria.com.hr\/wp-content\/uploads\/2016\/02\/Nin_-_Gornja_vrata.jpg'><img width=\"150\" height=\"150\" src=\"https:\/\/villa-maria.com.hr\/wp-content\/uploads\/2016\/02\/Nin_-_Gornja_vrata-150x150.jpg\" class=\"attachment-thumbnail size-thumbnail\" alt=\"\" loading=\"lazy\" \/><\/a>\n\t\t\t<\/dt><\/dl><dl class='gallery-item'>\n\t\t\t<dt class='gallery-icon landscape'>\n\t\t\t\t<a href='https:\/\/villa-maria.com.hr\/wp-content\/uploads\/2016\/02\/nin_capitolium.jpg'><img width=\"150\" height=\"150\" src=\"https:\/\/villa-maria.com.hr\/wp-content\/uploads\/2016\/02\/nin_capitolium-150x150.jpg\" class=\"attachment-thumbnail size-thumbnail\" alt=\"\" loading=\"lazy\" \/><\/a>\n\t\t\t<\/dt><\/dl><dl class='gallery-item'>\n\t\t\t<dt class='gallery-icon landscape'>\n\t\t\t\t<a href='https:\/\/villa-maria.com.hr\/wp-content\/uploads\/2016\/02\/Nin_-_Donji_kameni_most.jpg'><img width=\"150\" height=\"150\" src=\"https:\/\/villa-maria.com.hr\/wp-content\/uploads\/2016\/02\/Nin_-_Donji_kameni_most-150x150.jpg\" class=\"attachment-thumbnail size-thumbnail\" alt=\"\" loading=\"lazy\" \/><\/a>\n\t\t\t<\/dt><\/dl><br style=\"clear: both\" \/>\n\t\t<\/div>\n\n<hr \/>\n<p>&nbsp;<\/p>\n<p>&nbsp;<\/p>\n<p>&nbsp;<\/p>\n<p>&nbsp;<\/p>","protected":false},"excerpt":{"rendered":"<p>In der N\u00e4he von Vir befinden sich viele Kultursehensw\u00fcrdigkeiten sowie die Nationalparks; Kornati mit 200 Inseln und kleinen Inseln, Paklenica mit tiefen Schluchten und H\u00f6hlen, die Wasserf\u00e4lle des Flusses Krka <a class=\"more-link\" href=\"https:\/\/villa-maria.com.hr\/de\/okolica\/\">Continue Reading \u2192<\/a><\/p>\n","protected":false},"author":1,"featured_media":248,"parent":0,"menu_order":0,"comment_status":"closed","ping_status":"closed","template":"","meta":[],"_links":{"self":[{"href":"https:\/\/villa-maria.com.hr\/de\/wp-json\/wp\/v2\/pages\/23"}],"collection":[{"href":"https:\/\/villa-maria.com.hr\/de\/wp-json\/wp\/v2\/pages"}],"about":[{"href":"https:\/\/villa-maria.com.hr\/de\/wp-json\/wp\/v2\/types\/page"}],"author":[{"embeddable":true,"href":"https:\/\/villa-maria.com.hr\/de\/wp-json\/wp\/v2\/users\/1"}],"replies":[{"embeddable":true,"href":"https:\/\/villa-maria.com.hr\/de\/wp-json\/wp\/v2\/comments?post=23"}],"version-history":[{"count":0,"href":"https:\/\/villa-maria.com.hr\/de\/wp-json\/wp\/v2\/pages\/23\/revisions"}],"wp:featuredmedia":[{"embeddable":true,"href":"https:\/\/villa-maria.com.hr\/de\/wp-json\/wp\/v2\/media\/248"}],"wp:attachment":[{"href":"https:\/\/villa-maria.com.hr\/de\/wp-json\/wp\/v2\/media?parent=23"}],"curies":[{"name":"wp","href":"https:\/\/api.w.org\/{rel}","templated":true}]}}